{"id":2572,"date":"2016-11-04T11:44:17","date_gmt":"2016-11-04T10:44:17","guid":{"rendered":"http:\/\/www.voixeditions.com\/?post_type=product&#038;p=2572"},"modified":"2023-07-05T07:50:20","modified_gmt":"2023-07-05T06:50:20","slug":"alain-nahum-jean-klepal","status":"publish","type":"product","link":"http:\/\/www.voixeditions.com\/?product=alain-nahum-jean-klepal","title":{"rendered":"Alain Nahum &#8211; Jean Kl\u00e9pal"},"content":{"rendered":"<p>Leporello recto-verso<br \/>\n32 pages<\/p>\n<p>&nbsp;<\/p>\n<p>Des gravats, des agglom\u00e9rats, des objets jetables, des rejets, en attente de ramassage.<br \/>\nSilhouettes isol\u00e9es ou entass\u00e9es, ces paquets de d\u00e9bris \u00e0 jeter ont beaucoup \u00e0 voir avec les pauvres h\u00e8res isol\u00e9s ou en petits groupes, si fr\u00e9quents \u00e0 la moindre encoignure, d\u00e9sormais \u00e9l\u00e9ments d\u2019un quotidien que nous ignorons, que nous \u00e9vitons souvent, auquel nous nous habituons progressivement.<br \/>\nEvocations, amorces, r\u00e9sonances, invitations \u00e0 poursuivre.<br \/>\nLe regard d\u2019Alain Nahum nous fait d\u00e9couvrir la force m\u00e9taphorique des rebuts urbains.<br \/>\nJean Kl\u00e9pal jette ses mots \u00e0 la page, comme des sacs \u00e0 la rue.<\/p>\n<p>&nbsp;<\/p>\n","protected":false},"excerpt":{"rendered":"<p>Leporello recto-verso 32 pages &nbsp; Des gravats, des agglom\u00e9rats, des objets jetables, des rejets, en attente de ramassage. Silhouettes isol\u00e9es ou entass\u00e9es, ces paquets de d\u00e9bris \u00e0 jeter ont beaucoup \u00e0 voir avec les pauvres h\u00e8res isol\u00e9s ou en petits groupes, si fr\u00e9quents \u00e0 la moindre encoignure, d\u00e9sormais \u00e9l\u00e9ments d\u2019un quotidien que nous ignorons, que nous \u00e9vitons souvent, auquel nous [&hellip;]<\/p>\n","protected":false},"featured_media":2573,"template":"","meta":[],"product_brand":[],"product_cat":[935,1001],"product_tag":[912,58,367,913,914,966,967,915,916,201,970,230,972],"class_list":{"0":"post-2572","1":"product","2":"type-product","3":"status-publish","4":"has-post-thumbnail","6":"product_cat-nouveautes","7":"product_cat-photo","8":"product_tag-alain-nahum","9":"product_tag-auteur","10":"product_tag-image","11":"product_tag-jean-klepal","12":"product_tag-klepal","13":"product_tag-livre","14":"product_tag-livre-dartiste","15":"product_tag-nahum","16":"product_tag-photos","17":"product_tag-poesie","18":"product_tag-richard-meier","19":"product_tag-voix-editions","20":"product_tag-voix-editions-richard-meier","22":"first","23":"instock","24":"shipping-taxable","25":"purchasable","26":"product-type-simple"},"_links":{"self":[{"href":"http:\/\/www.voixeditions.com\/index.php?rest_route=\/wp\/v2\/product\/2572","targetHints":{"allow":["GET"]}}],"collection":[{"href":"http:\/\/www.voixeditions.com\/index.php?rest_route=\/wp\/v2\/product"}],"about":[{"href":"http:\/\/www.voixeditions.com\/index.php?rest_route=\/wp\/v2\/types\/product"}],"wp:featuredmedia":[{"embeddable":true,"href":"http:\/\/www.voixeditions.com\/index.php?rest_route=\/wp\/v2\/media\/2573"}],"wp:attachment":[{"href":"http:\/\/www.voixeditions.com\/index.php?rest_route=%2Fwp%2Fv2%2Fmedia&parent=2572"}],"wp:term":[{"taxonomy":"product_brand","embeddable":true,"href":"http:\/\/www.voixeditions.com\/index.php?rest_route=%2Fwp%2Fv2%2Fproduct_brand&post=2572"},{"taxonomy":"product_cat","embeddable":true,"href":"http:\/\/www.voixeditions.com\/index.php?rest_route=%2Fwp%2Fv2%2Fproduct_cat&post=2572"},{"taxonomy":"product_tag","embeddable":true,"href":"http:\/\/www.voixeditions.com\/index.php?rest_route=%2Fwp%2Fv2%2Fproduct_tag&post=2572"}],"curies":[{"name":"wp","href":"https:\/\/api.w.org\/{rel}","templated":true}]}}